{"id":33,"date":"2023-04-11T17:45:43","date_gmt":"2023-04-11T15:45:43","guid":{"rendered":"https:\/\/ambasciatapraga.esteri.it\/?page_id=33"},"modified":"2023-04-11T17:45:43","modified_gmt":"2023-04-11T15:45:43","slug":"dall_ambasciata","status":"publish","type":"page","link":"https:\/\/ambbelgrado.esteri.it\/it\/news\/dall_ambasciata\/","title":{"rendered":"Dall&#8217;Ambasciata"},"content":{"rendered":"        <div class=\"row\">\n\t\t\t<!-- Ricerca sedi post -->\n\t\t\t<div class=\"col-12 mt-4\">\n\t\t\t  <div class=\"callout callout-highlight note ricerca-esteri p-4\">\n                    <div class=\"callout-title\">\n                        <svg class=\"icon\">\n                            <use xlink:href=\"https:\/\/ambbelgrado.esteri.it\/wp-content\/themes\/sedi-tema\/assets\/svg\/sprites.svg#it-search\"><\/use>\n                        <\/svg>Inserisci i parametri di ricerca                    <\/div>\n                    <form id=\"searchFormPost\" name=\"form-search-post\" class=\"form-row align-items-center\" action=\"https:\/\/ambbelgrado.esteri.it\/it\/wp-json\/wp\/v2\/pages\/33\/\" method=\"GET\"> \n                        <!-- <div class=\"form-group pt-5\"> -->\n                            <!-- <input type=\"hidden\" id=\"lang\" name=\"lang\" value=\"\"> --> <!-- <\/div> -->\n\n                        <div class=\"it-datepicker-wrapper\">\n                            <div class=\"row\">\n                                <div class=\"form-group col-md-6\">\n                                    <label class=\"active\" for=\"date-init\">Dal<\/label>\n                                    <input class=\"form-control\" name=\"date-init\" id=\"date-init\" type=\"date\" placeholder=\"gg\/mm\/aaaa\" value=\"\"lang=\"en-EN\">  \n                                <\/div>\n                                <div class=\"form-group col-md-6\">\n                                    <label class=\"active\" for=\"date-end\">Al<\/label>\n                                    <input class=\"form-control\" name=\"date-end\" id=\"date-end\" type=\"date\" placeholder=\"gg\/mm\/aaaa\" value=\"\">\n                                <\/div>\n                            <\/div>\n                        <\/div>\n                        <div class=\"form-group col-md-12 mt-3\">\n                            <label for=\"searchText\">Campo ricerca libera<\/label>\n                            <input type=\"text\" name=\"searchText\" class=\"form-control\" id=\"searchText\" value=\"\">\n                        <\/div>\n                        <div class=\"form-group col-md-4 offset-md-8 text-end\">\n                            <a href=\"https:\/\/ambbelgrado.esteri.it\/it\/news\/dall_ambasciata\/\" title=\"Form reset\" id=\"resetImput\" class=\"btn btn-outline-primary btn-xs\">Reset<\/a>\n                            <button type=\"submit\" class=\"btn btn-primary btn-xs\">Mostra risultati<\/button>\n                        <\/div>\n                    <\/form>\n\t\t\t\t<\/div>\n\t\t\t<\/div>\n\t\t<\/div>\n                    \n            <div class=\"row\">\n                            <div class=\"col-12 mt-3\">\n                <!--start card-->\n                <div class=\"card-wrapper card-space\">\n                    <div class=\"card card-bg card-big border-bottom-card\">\n                        <div class=\"card-body \">\n                                                        <div class=\"category-top\">\n                                                                                                            <span class=\"\">\n                                        <svg class=\"icon icon-secondary\">\n                                            <use xlink:href=\"https:\/\/ambbelgrado.esteri.it\/wp-content\/themes\/sedi-tema\/assets\/svg\/sprites.svg#it-calendar\"><\/use>\n                                        <\/svg> 28 Aprile 2026                                    <\/span>\n                                                                    <\/div>\n                            <h5 class=\"card-title big-heading text-uppercase\"><a class=\"text-body text-decoration-none\" href=\"https:\/\/ambbelgrado.esteri.it\/it\/news\/dall_ambasciata\/2026\/04\/contributi-in-favore-delle-istituzioni-scolastiche-serbe\/\" title=\"CONTRIBUTI IN FAVORE DELLE ISTITUZIONI SCOLASTICHE SERBE\">CONTRIBUTI IN FAVORE DELLE ISTITUZIONI SCOLASTICHE SERBE<\/a><\/h5>\n                            <p class=\"card-text\">Anche per il 2026 le istituzioni scolastiche serbe interessate potranno presentare al Ministero degli Affari Esteri e della Cooperazione Internazionale richieste di contributi per la creazione e il mantenimento di cattedre di italiano (destinati alla copertura parziale della retribuzione di insegnanti assunti direttamente dalle scuole con contratto a legge locale) e, in subordine, per il [&hellip;]<\/p>\n                                <a title=\"CONTRIBUTI IN FAVORE DELLE ISTITUZIONI SCOLASTICHE SERBE\" class=\"read-more\" href=\"https:\/\/ambbelgrado.esteri.it\/it\/news\/dall_ambasciata\/2026\/04\/contributi-in-favore-delle-istituzioni-scolastiche-serbe\/\">\n                                    <span class=\"text\">Leggi di pi\u00f9<\/span>\n                                    <svg class=\"icon\">\n                                    <use xlink:href=\"https:\/\/ambbelgrado.esteri.it\/wp-content\/themes\/sedi-tema\/assets\/svg\/sprites.svg#it-arrow-right\"><\/use>\n                                    <\/svg>\n                                <\/a>\n                                                    <\/div>\n                    <\/div>\n                <\/div>\n                <!--end card-->\n                <\/div><!-- col-12 .mt-3-->\n                            <div class=\"col-12 mt-3\">\n                <!--start card-->\n                <div class=\"card-wrapper card-space\">\n                    <div class=\"card card-bg card-big border-bottom-card\">\n                        <div class=\"card-body \">\n                                                        <div class=\"category-top\">\n                                                                                                            <span class=\"\">\n                                        <svg class=\"icon icon-secondary\">\n                                            <use xlink:href=\"https:\/\/ambbelgrado.esteri.it\/wp-content\/themes\/sedi-tema\/assets\/svg\/sprites.svg#it-calendar\"><\/use>\n                                        <\/svg> 27 Aprile 2026                                    <\/span>\n                                                                    <\/div>\n                            <h5 class=\"card-title big-heading text-uppercase\"><a class=\"text-body text-decoration-none\" href=\"https:\/\/ambbelgrado.esteri.it\/it\/news\/dall_ambasciata\/2026\/04\/expo-2027-belgrado-firmato-il-contratto-per-il-padiglione-italiano\/\" title=\"EXPO 2027 BELGRADO: FIRMATO IL CONTRATTO PER IL PADIGLIONE ITALIANO\">EXPO 2027 BELGRADO: FIRMATO IL CONTRATTO PER IL PADIGLIONE ITALIANO<\/a><\/h5>\n                            <p class=\"card-text\">L\u2019Ambasciatore d\u2019Italia in Serbia, Luca Gori, ha firmato oggi il contratto di partecipazione dell\u2019Italia all\u2019Esposizione Specializzata EXPO 2027 Belgrado, in qualit\u00e0 di Commissario di Sezione. La firma \u00e8 avvenuta insieme alla Commissaria Generale e Ministra per il Commercio Interno ed Estero, Jagoda Lazarevi\u0107, ed al Direttore dell\u2019Esposizione, Danilo Jerini\u0107. Alla cerimonia, ospitata nella cornice dell\u2019Expo [&hellip;]<\/p>\n                                <a title=\"EXPO 2027 BELGRADO: FIRMATO IL CONTRATTO PER IL PADIGLIONE ITALIANO\" class=\"read-more\" href=\"https:\/\/ambbelgrado.esteri.it\/it\/news\/dall_ambasciata\/2026\/04\/expo-2027-belgrado-firmato-il-contratto-per-il-padiglione-italiano\/\">\n                                    <span class=\"text\">Leggi di pi\u00f9<\/span>\n                                    <svg class=\"icon\">\n                                    <use xlink:href=\"https:\/\/ambbelgrado.esteri.it\/wp-content\/themes\/sedi-tema\/assets\/svg\/sprites.svg#it-arrow-right\"><\/use>\n                                    <\/svg>\n                                <\/a>\n                                                    <\/div>\n                    <\/div>\n                <\/div>\n                <!--end card-->\n                <\/div><!-- col-12 .mt-3-->\n                            <div class=\"col-12 mt-3\">\n                <!--start card-->\n                <div class=\"card-wrapper card-space\">\n                    <div class=\"card card-bg card-big border-bottom-card\">\n                        <div class=\"card-body \">\n                                                        <div class=\"category-top\">\n                                                                                                            <span class=\"\">\n                                        <svg class=\"icon icon-secondary\">\n                                            <use xlink:href=\"https:\/\/ambbelgrado.esteri.it\/wp-content\/themes\/sedi-tema\/assets\/svg\/sprites.svg#it-calendar\"><\/use>\n                                        <\/svg> 22 Aprile 2026                                    <\/span>\n                                                                    <\/div>\n                            <h5 class=\"card-title big-heading text-uppercase\"><a class=\"text-body text-decoration-none\" href=\"https:\/\/ambbelgrado.esteri.it\/it\/news\/dall_ambasciata\/2026\/04\/contributi-per-visite-di-ricercatori-docenti-esperti-personalita-della-cultura-e-operatori-culturali-2\/\" title=\"CONTRIBUTI PER VISITE DI RICERCATORI, DOCENTI, ESPERTI, PERSONALIT\u00c0 DELLA CULTURA E OPERATORI CULTURALI\">CONTRIBUTI PER VISITE DI RICERCATORI, DOCENTI, ESPERTI, PERSONALIT\u00c0 DELLA CULTURA E OPERATORI CULTURALI<\/a><\/h5>\n                            <p class=\"card-text\">L\u2019Unit\u00e0 per il coordinamento degli Istituti italiani di cultura del Ministero degli Affari Esteri e della Cooperazione Internazionale eroga, a valere sul Cap. 2619\/7, contributi ad istanza di parte per: il finanziamento delle spese di viaggio e soggiorno di ricercatori, docenti, esperti, personalit\u00e0 della cultura e operatori culturali italiani o stranieri residenti in Italia da [&hellip;]<\/p>\n                                <a title=\"CONTRIBUTI PER VISITE DI RICERCATORI, DOCENTI, ESPERTI, PERSONALIT\u00c0 DELLA CULTURA E OPERATORI CULTURALI\" class=\"read-more\" href=\"https:\/\/ambbelgrado.esteri.it\/it\/news\/dall_ambasciata\/2026\/04\/contributi-per-visite-di-ricercatori-docenti-esperti-personalita-della-cultura-e-operatori-culturali-2\/\">\n                                    <span class=\"text\">Leggi di pi\u00f9<\/span>\n                                    <svg class=\"icon\">\n                                    <use xlink:href=\"https:\/\/ambbelgrado.esteri.it\/wp-content\/themes\/sedi-tema\/assets\/svg\/sprites.svg#it-arrow-right\"><\/use>\n                                    <\/svg>\n                                <\/a>\n                                                    <\/div>\n                    <\/div>\n                <\/div>\n                <!--end card-->\n                <\/div><!-- col-12 .mt-3-->\n                            <div class=\"col-12 mt-3\">\n                <!--start card-->\n                <div class=\"card-wrapper card-space\">\n                    <div class=\"card card-bg card-big border-bottom-card\">\n                        <div class=\"card-body \">\n                                                        <div class=\"category-top\">\n                                                                                                            <span class=\"\">\n                                        <svg class=\"icon icon-secondary\">\n                                            <use xlink:href=\"https:\/\/ambbelgrado.esteri.it\/wp-content\/themes\/sedi-tema\/assets\/svg\/sprites.svg#it-calendar\"><\/use>\n                                        <\/svg> 16 Aprile 2026                                    <\/span>\n                                                                    <\/div>\n                            <h5 class=\"card-title big-heading text-uppercase\"><a class=\"text-body text-decoration-none\" href=\"https:\/\/ambbelgrado.esteri.it\/it\/news\/dall_ambasciata\/2026\/04\/parte-play-with-design-primo-evento-tematico-del-festival-della-creativita-italiana-in-serbia\/\" title=\"PARTE \u201cPLAY WITH DESIGN\u201d, PRIMO EVENTO TEMATICO DEL FESTIVAL DELLA CREATIVITA\u2019 ITALIANA IN SERBIA\">PARTE \u201cPLAY WITH DESIGN\u201d, PRIMO EVENTO TEMATICO DEL FESTIVAL DELLA CREATIVITA\u2019 ITALIANA IN SERBIA<\/a><\/h5>\n                            <p class=\"card-text\">L\u2019Ambasciatore d\u2019Italia in Serbia, Luca Gori, \u00e8 intervenuto all\u2019evento di apertura di \u201cPlay with Design\u201d, primo appuntamento tematico di \u201cPlay with IT\u201d, il Festival della Creativit\u00e0 Italiana in Serbia, promosso in occasione della Giornata del Made in Italy. Ospitato presso la Dom Kulture Silosi, \u201cPlay with Design\u201d \u2013 realizzato dall\u2019Ambasciata in collaborazione con NABA, Nuova [&hellip;]<\/p>\n                                <a title=\"PARTE \u201cPLAY WITH DESIGN\u201d, PRIMO EVENTO TEMATICO DEL FESTIVAL DELLA CREATIVITA\u2019 ITALIANA IN SERBIA\" class=\"read-more\" href=\"https:\/\/ambbelgrado.esteri.it\/it\/news\/dall_ambasciata\/2026\/04\/parte-play-with-design-primo-evento-tematico-del-festival-della-creativita-italiana-in-serbia\/\">\n                                    <span class=\"text\">Leggi di pi\u00f9<\/span>\n                                    <svg class=\"icon\">\n                                    <use xlink:href=\"https:\/\/ambbelgrado.esteri.it\/wp-content\/themes\/sedi-tema\/assets\/svg\/sprites.svg#it-arrow-right\"><\/use>\n                                    <\/svg>\n                                <\/a>\n                                                    <\/div>\n                    <\/div>\n                <\/div>\n                <!--end card-->\n                <\/div><!-- col-12 .mt-3-->\n                            <div class=\"col-12 mt-3\">\n                <!--start card-->\n                <div class=\"card-wrapper card-space\">\n                    <div class=\"card card-bg card-big border-bottom-card\">\n                        <div class=\"card-body \">\n                                                        <div class=\"category-top\">\n                                                                                                            <span class=\"\">\n                                        <svg class=\"icon icon-secondary\">\n                                            <use xlink:href=\"https:\/\/ambbelgrado.esteri.it\/wp-content\/themes\/sedi-tema\/assets\/svg\/sprites.svg#it-calendar\"><\/use>\n                                        <\/svg> 10 Aprile 2026                                    <\/span>\n                                                                    <\/div>\n                            <h5 class=\"card-title big-heading text-uppercase\"><a class=\"text-body text-decoration-none\" href=\"https:\/\/ambbelgrado.esteri.it\/it\/news\/dall_ambasciata\/2026\/04\/lambasciatore-gori-inaugura-il-festival-della-creativita-italiana-play-with-it\/\" title=\"L\u2019AMBASCIATORE GORI INAUGURA IL FESTIVAL DELLA CREATIVITA\u2019 ITALIANA \u201cPLAY WITH IT\u201d\">L\u2019AMBASCIATORE GORI INAUGURA IL FESTIVAL DELLA CREATIVITA\u2019 ITALIANA \u201cPLAY WITH IT\u201d<\/a><\/h5>\n                            <p class=\"card-text\">L\u2019Ambasciatore d\u2019Italia in Serbia, Luca Gori, ha inaugurato presso la Residenza il Festival \u201cPlay With IT\u201d, iniziativa di punta della promozione integrata dell\u2019Ambasciata d\u2019Italia in Serbia per il 2026. Il Festival nasce a seguito della designazione di Belgrado quale Capitale della Creativit\u00e0 Italiana nel Mondo 2026 da parte del Ministero degli Affari Esteri e della [&hellip;]<\/p>\n                                <a title=\"L\u2019AMBASCIATORE GORI INAUGURA IL FESTIVAL DELLA CREATIVITA\u2019 ITALIANA \u201cPLAY WITH IT\u201d\" class=\"read-more\" href=\"https:\/\/ambbelgrado.esteri.it\/it\/news\/dall_ambasciata\/2026\/04\/lambasciatore-gori-inaugura-il-festival-della-creativita-italiana-play-with-it\/\">\n                                    <span class=\"text\">Leggi di pi\u00f9<\/span>\n                                    <svg class=\"icon\">\n                                    <use xlink:href=\"https:\/\/ambbelgrado.esteri.it\/wp-content\/themes\/sedi-tema\/assets\/svg\/sprites.svg#it-arrow-right\"><\/use>\n                                    <\/svg>\n                                <\/a>\n                                                    <\/div>\n                    <\/div>\n                <\/div>\n                <!--end card-->\n                <\/div><!-- col-12 .mt-3-->\n                            <div class=\"col-12 mt-3\">\n                <!--start card-->\n                <div class=\"card-wrapper card-space\">\n                    <div class=\"card card-bg card-big border-bottom-card\">\n                        <div class=\"card-body \">\n                                                        <div class=\"category-top\">\n                                                                                                            <span class=\"\">\n                                        <svg class=\"icon icon-secondary\">\n                                            <use xlink:href=\"https:\/\/ambbelgrado.esteri.it\/wp-content\/themes\/sedi-tema\/assets\/svg\/sprites.svg#it-calendar\"><\/use>\n                                        <\/svg> 3 Aprile 2026                                    <\/span>\n                                                                    <\/div>\n                            <h5 class=\"card-title big-heading text-uppercase\"><a class=\"text-body text-decoration-none\" href=\"https:\/\/ambbelgrado.esteri.it\/it\/news\/dall_ambasciata\/2026\/04\/avviso-allutenza-9\/\" title=\"AVVISO ALL\u2019UTENZA\">AVVISO ALL\u2019UTENZA<\/a><\/h5>\n                            <p class=\"card-text\">6 APRILE 2026 \u2013 CHIUSURA FESTIVITA\u2019 Si avvisa la gentile utenza che in occasione delle festivit\u00e0 pasquali gli Uffici dell\u2019Ambasciata rimarranno chiusi il 6 aprile. Riapriremo regolarmente marted\u00ec 7 aprile 2026. \u00a0<\/p>\n                                <a title=\"AVVISO ALL\u2019UTENZA\" class=\"read-more\" href=\"https:\/\/ambbelgrado.esteri.it\/it\/news\/dall_ambasciata\/2026\/04\/avviso-allutenza-9\/\">\n                                    <span class=\"text\">Leggi di pi\u00f9<\/span>\n                                    <svg class=\"icon\">\n                                    <use xlink:href=\"https:\/\/ambbelgrado.esteri.it\/wp-content\/themes\/sedi-tema\/assets\/svg\/sprites.svg#it-arrow-right\"><\/use>\n                                    <\/svg>\n                                <\/a>\n                                                    <\/div>\n                    <\/div>\n                <\/div>\n                <!--end card-->\n                <\/div><!-- col-12 .mt-3-->\n                            <div class=\"col-12 mt-3\">\n                <!--start card-->\n                <div class=\"card-wrapper card-space\">\n                    <div class=\"card card-bg card-big border-bottom-card\">\n                        <div class=\"card-body \">\n                                                        <div class=\"category-top\">\n                                                                                                            <span class=\"\">\n                                        <svg class=\"icon icon-secondary\">\n                                            <use xlink:href=\"https:\/\/ambbelgrado.esteri.it\/wp-content\/themes\/sedi-tema\/assets\/svg\/sprites.svg#it-calendar\"><\/use>\n                                        <\/svg> 1 Aprile 2026                                    <\/span>\n                                                                    <\/div>\n                            <h5 class=\"card-title big-heading text-uppercase\"><a class=\"text-body text-decoration-none\" href=\"https:\/\/ambbelgrado.esteri.it\/it\/news\/dall_ambasciata\/2026\/04\/nota-farnesina-rinviata-la-missione-del-ministro-tajani-a-belgrado\/\" title=\"NOTA FARNESINA. RINVIATA LA MISSIONE DEL MINISTRO TAJANI A BELGRADO\">NOTA FARNESINA. RINVIATA LA MISSIONE DEL MINISTRO TAJANI A BELGRADO<\/a><\/h5>\n                            <p class=\"card-text\">Il Vice Presidente del Consiglio e Ministro degli Affari Esteri Antonio Tajani ha rinviato la sua missione di oggi a Belgrado per problemi di agenda dovuti al ritardo nell\u2019uscita dall\u2019Ucraina e nel passaggio in Polonia. La missione era stata fissata per presenziare alla cerimonia di firma del contratto per il padiglione italiano a Expo Belgrado [&hellip;]<\/p>\n                                <a title=\"NOTA FARNESINA. RINVIATA LA MISSIONE DEL MINISTRO TAJANI A BELGRADO\" class=\"read-more\" href=\"https:\/\/ambbelgrado.esteri.it\/it\/news\/dall_ambasciata\/2026\/04\/nota-farnesina-rinviata-la-missione-del-ministro-tajani-a-belgrado\/\">\n                                    <span class=\"text\">Leggi di pi\u00f9<\/span>\n                                    <svg class=\"icon\">\n                                    <use xlink:href=\"https:\/\/ambbelgrado.esteri.it\/wp-content\/themes\/sedi-tema\/assets\/svg\/sprites.svg#it-arrow-right\"><\/use>\n                                    <\/svg>\n                                <\/a>\n                                                    <\/div>\n                    <\/div>\n                <\/div>\n                <!--end card-->\n                <\/div><!-- col-12 .mt-3-->\n                            <div class=\"col-12 mt-3\">\n                <!--start card-->\n                <div class=\"card-wrapper card-space\">\n                    <div class=\"card card-bg card-big border-bottom-card\">\n                        <div class=\"card-body \">\n                                                        <div class=\"category-top\">\n                                                                                                            <span class=\"\">\n                                        <svg class=\"icon icon-secondary\">\n                                            <use xlink:href=\"https:\/\/ambbelgrado.esteri.it\/wp-content\/themes\/sedi-tema\/assets\/svg\/sprites.svg#it-calendar\"><\/use>\n                                        <\/svg> 31 Marzo 2026                                    <\/span>\n                                                                    <\/div>\n                            <h5 class=\"card-title big-heading text-uppercase\"><a class=\"text-body text-decoration-none\" href=\"https:\/\/ambbelgrado.esteri.it\/it\/news\/dall_ambasciata\/2026\/03\/lambasciatore-ditalia-in-serbia-luca-gori-interviene-a-study-in-italy-levento-di-promozione-dellofferta-accademica-italiana-con-15-universita-e\/\" title=\"L\u2019AMBASCIATORE D\u2019ITALIA IN SERBIA, LUCA GORI, INTERVIENE A \u201cSTUDY IN ITALY\u201d, L\u2019EVENTO DI PROMOZIONE DELL\u2019OFFERTA ACCADEMICA ITALIANA CON 15 UNIVERSIT\u00c0 E OLTRE 1.000 STUDENTI ISCRITTI\">L\u2019AMBASCIATORE D\u2019ITALIA IN SERBIA, LUCA GORI, INTERVIENE A \u201cSTUDY IN ITALY\u201d, L\u2019EVENTO DI PROMOZIONE DELL\u2019OFFERTA ACCADEMICA ITALIANA CON 15 UNIVERSIT\u00c0 E OLTRE 1.000 STUDENTI ISCRITTI<\/a><\/h5>\n                            <p class=\"card-text\">L\u2019Ambasciatore d\u2019Italia in Serbia, Luca Gori, \u00e8 intervenuto all\u2019evento \u201cStudy in Italy\u201d, svoltosi presso l\u2019Istituto Italiano di Cultura di Belgrado e dedicato alla promozione del sistema universitario italiano e alle opportunit\u00e0 per gli studenti serbi. Organizzato dall\u2019Ambasciata d\u2019Italia a Belgrado, in collaborazione con Uni-Italia, Istituto Italiano di Cultura e Via Academica, l\u2019evento ha registrato un\u2019ampia [&hellip;]<\/p>\n                                <a title=\"L\u2019AMBASCIATORE D\u2019ITALIA IN SERBIA, LUCA GORI, INTERVIENE A \u201cSTUDY IN ITALY\u201d, L\u2019EVENTO DI PROMOZIONE DELL\u2019OFFERTA ACCADEMICA ITALIANA CON 15 UNIVERSIT\u00c0 E OLTRE 1.000 STUDENTI ISCRITTI\" class=\"read-more\" href=\"https:\/\/ambbelgrado.esteri.it\/it\/news\/dall_ambasciata\/2026\/03\/lambasciatore-ditalia-in-serbia-luca-gori-interviene-a-study-in-italy-levento-di-promozione-dellofferta-accademica-italiana-con-15-universita-e\/\">\n                                    <span class=\"text\">Leggi di pi\u00f9<\/span>\n                                    <svg class=\"icon\">\n                                    <use xlink:href=\"https:\/\/ambbelgrado.esteri.it\/wp-content\/themes\/sedi-tema\/assets\/svg\/sprites.svg#it-arrow-right\"><\/use>\n                                    <\/svg>\n                                <\/a>\n                                                    <\/div>\n                    <\/div>\n                <\/div>\n                <!--end card-->\n                <\/div><!-- col-12 .mt-3-->\n                            <div class=\"col-12 mt-3\">\n                <!--start card-->\n                <div class=\"card-wrapper card-space\">\n                    <div class=\"card card-bg card-big border-bottom-card\">\n                        <div class=\"card-body \">\n                                                        <div class=\"category-top\">\n                                                                                                            <span class=\"\">\n                                        <svg class=\"icon icon-secondary\">\n                                            <use xlink:href=\"https:\/\/ambbelgrado.esteri.it\/wp-content\/themes\/sedi-tema\/assets\/svg\/sprites.svg#it-calendar\"><\/use>\n                                        <\/svg> 30 Marzo 2026                                    <\/span>\n                                                                    <\/div>\n                            <h5 class=\"card-title big-heading text-uppercase\"><a class=\"text-body text-decoration-none\" href=\"https:\/\/ambbelgrado.esteri.it\/it\/news\/dall_ambasciata\/2026\/03\/newsletter-digitale-diplomazia-economica-italiana-n-2-del-2026\/\" title=\"NEWSLETTER DIGITALE \u201cDIPLOMAZIA ECONOMICA ITALIANA\u201d \u2013 N. 2 DEL 2026\">NEWSLETTER DIGITALE \u201cDIPLOMAZIA ECONOMICA ITALIANA\u201d \u2013 N. 2 DEL 2026<\/a><\/h5>\n                            <p class=\"card-text\">\u00c8 stato pubblicato il secondo numero del 2026 della newsletter digitale Diplomazia Economica Italiana, disponibile qui<\/p>\n                                <a title=\"NEWSLETTER DIGITALE \u201cDIPLOMAZIA ECONOMICA ITALIANA\u201d \u2013 N. 2 DEL 2026\" class=\"read-more\" href=\"https:\/\/ambbelgrado.esteri.it\/it\/news\/dall_ambasciata\/2026\/03\/newsletter-digitale-diplomazia-economica-italiana-n-2-del-2026\/\">\n                                    <span class=\"text\">Leggi di pi\u00f9<\/span>\n                                    <svg class=\"icon\">\n                                    <use xlink:href=\"https:\/\/ambbelgrado.esteri.it\/wp-content\/themes\/sedi-tema\/assets\/svg\/sprites.svg#it-arrow-right\"><\/use>\n                                    <\/svg>\n                                <\/a>\n                                                    <\/div>\n                    <\/div>\n                <\/div>\n                <!--end card-->\n                <\/div><!-- col-12 .mt-3-->\n                            <div class=\"col-12 mt-3\">\n                <!--start card-->\n                <div class=\"card-wrapper card-space\">\n                    <div class=\"card card-bg card-big border-bottom-card\">\n                        <div class=\"card-body \">\n                                                        <div class=\"category-top\">\n                                                                                                            <span class=\"\">\n                                        <svg class=\"icon icon-secondary\">\n                                            <use xlink:href=\"https:\/\/ambbelgrado.esteri.it\/wp-content\/themes\/sedi-tema\/assets\/svg\/sprites.svg#it-calendar\"><\/use>\n                                        <\/svg> 23 Marzo 2026                                    <\/span>\n                                                                    <\/div>\n                            <h5 class=\"card-title big-heading text-uppercase\"><a class=\"text-body text-decoration-none\" href=\"https:\/\/ambbelgrado.esteri.it\/it\/news\/dall_ambasciata\/2026\/03\/italia-serbia-lambasciatore-luca-gori-incontra-il-ministro-degli-esteri-marko-djuric-2\/\" title=\"ITALIA \u2013 SERBIA: L\u2019AMBASCIATORE LUCA GORI INCONTRA IL MINISTRO DEGLI ESTERI, MARKO DJURIC\">ITALIA \u2013 SERBIA: L\u2019AMBASCIATORE LUCA GORI INCONTRA IL MINISTRO DEGLI ESTERI, MARKO DJURIC<\/a><\/h5>\n                            <p class=\"card-text\">L\u2019Ambasciatore d\u2019Italia in Serbia, Luca Gori, ha incontrato oggi il Ministro degli Affari Esteri della Repubblica di Serbia, Marko Djuri\u0107, per un approfondito scambio di vedute sui principali temi dell\u2019agenda bilaterale, regionale ed europea. Nel corso del colloquio, svoltosi in un clima di grande cordialit\u00e0, le parti hanno confermato l\u2019eccellente stato delle relazioni bilaterali, come [&hellip;]<\/p>\n                                <a title=\"ITALIA \u2013 SERBIA: L\u2019AMBASCIATORE LUCA GORI INCONTRA IL MINISTRO DEGLI ESTERI, MARKO DJURIC\" class=\"read-more\" href=\"https:\/\/ambbelgrado.esteri.it\/it\/news\/dall_ambasciata\/2026\/03\/italia-serbia-lambasciatore-luca-gori-incontra-il-ministro-degli-esteri-marko-djuric-2\/\">\n                                    <span class=\"text\">Leggi di pi\u00f9<\/span>\n                                    <svg class=\"icon\">\n                                    <use xlink:href=\"https:\/\/ambbelgrado.esteri.it\/wp-content\/themes\/sedi-tema\/assets\/svg\/sprites.svg#it-arrow-right\"><\/use>\n                                    <\/svg>\n                                <\/a>\n                                                    <\/div>\n                    <\/div>\n                <\/div>\n                <!--end card-->\n                <\/div><!-- col-12 .mt-3-->\n            \n            <div class=\"col-md-12 mt-4 pb-4\">\n                <nav class=\"navigation col-md-12\" aria-label=\"Navigation\">\n                    <h2 class=\"screen-reader-text visually-hidden\">Paginazione<\/h2>\n                    <div class=\"nav-links\">\n                    <span aria-current=\"page\" class=\"page-numbers current\">1<\/span>\n<a class=\"page-numbers\" href=\"https:\/\/ambbelgrado.esteri.it\/it\/wp-json\/wp\/v2\/pages\/33\/?pag=2\">2<\/a>\n<a class=\"page-numbers\" href=\"https:\/\/ambbelgrado.esteri.it\/it\/wp-json\/wp\/v2\/pages\/33\/?pag=3\">3<\/a>\n<span class=\"page-numbers dots\">&hellip;<\/span>\n<a class=\"page-numbers\" href=\"https:\/\/ambbelgrado.esteri.it\/it\/wp-json\/wp\/v2\/pages\/33\/?pag=171\">171<\/a>\n<a class=\"next page-numbers\" href=\"https:\/\/ambbelgrado.esteri.it\/it\/wp-json\/wp\/v2\/pages\/33\/?pag=2\"><svg class=\"icon icon-primary\"><use xlink:href=\"https:\/\/ambbelgrado.esteri.it\/wp-content\/themes\/sedi-tema\/assets\/svg\/sprites.svg#it-chevron-right\"><\/use><\/svg>\n                                    <span class=\"visually-hidden\">Pagina successiva<\/span><\/a>                    <\/div>\n                <\/nav>\n            <\/div>   <!--.col-md-12 -->\n              <\/div><!--.row -->\n              \n","protected":false},"excerpt":{"rendered":"","protected":false},"author":1,"featured_media":0,"parent":16,"menu_order":0,"comment_status":"closed","ping_status":"closed","template":"","meta":{"footnotes":""},"class_list":["post-33","page","type-page","status-publish","hentry"],"_links":{"self":[{"href":"https:\/\/ambbelgrado.esteri.it\/it\/wp-json\/wp\/v2\/pages\/33","targetHints":{"allow":["GET"]}}],"collection":[{"href":"https:\/\/ambbelgrado.esteri.it\/it\/wp-json\/wp\/v2\/pages"}],"about":[{"href":"https:\/\/ambbelgrado.esteri.it\/it\/wp-json\/wp\/v2\/types\/page"}],"author":[{"embeddable":true,"href":"https:\/\/ambbelgrado.esteri.it\/it\/wp-json\/wp\/v2\/users\/1"}],"replies":[{"embeddable":true,"href":"https:\/\/ambbelgrado.esteri.it\/it\/wp-json\/wp\/v2\/comments?post=33"}],"version-history":[{"count":1,"href":"https:\/\/ambbelgrado.esteri.it\/it\/wp-json\/wp\/v2\/pages\/33\/revisions"}],"predecessor-version":[{"id":34,"href":"https:\/\/ambbelgrado.esteri.it\/it\/wp-json\/wp\/v2\/pages\/33\/revisions\/34"}],"up":[{"embeddable":true,"href":"https:\/\/ambbelgrado.esteri.it\/it\/wp-json\/wp\/v2\/pages\/16"}],"wp:attachment":[{"href":"https:\/\/ambbelgrado.esteri.it\/it\/wp-json\/wp\/v2\/media?parent=33"}],"curies":[{"name":"wp","href":"https:\/\/api.w.org\/{rel}","templated":true}]}}